{"id":64,"date":"2015-01-21T14:42:23","date_gmt":"2015-01-21T13:42:23","guid":{"rendered":"https:\/\/vay-styves.fr\/?page_id=64"},"modified":"2024-01-03T16:32:49","modified_gmt":"2024-01-03T15:32:49","slug":"projets-de-lecole","status":"publish","type":"page","link":"https:\/\/vay-styves.fr\/?page_id=64","title":{"rendered":"Projet \u00e9ducatif"},"content":{"rendered":"<h3>Cliquer sur le lien ci-dessous<\/h3>\n<h2><a href=\"https:\/\/vay-styves.fr\/wp-content\/uploads\/2024\/01\/Projet-educatif-Ecole-Saint-Yves.pdf\">Projet \u00e9ducatif Ecole Saint Yves<\/a><\/h2>\n<p>&nbsp;<\/p>\n<p class=\"Standard\"><a href=\"https:\/\/vay-styves.fr\/wp-content\/uploads\/2024\/01\/Projet-educatif-page-1.png\"><img loading=\"lazy\" decoding=\"async\" class=\"aligncenter size-large wp-image-47823\" src=\"https:\/\/vay-styves.fr\/wp-content\/uploads\/2024\/01\/Projet-educatif-page-1-1024x724.png\" alt=\"\" width=\"1024\" height=\"724\" srcset=\"https:\/\/vay-styves.fr\/wp-content\/uploads\/2024\/01\/Projet-educatif-page-1-1024x724.png 1024w, https:\/\/vay-styves.fr\/wp-content\/uploads\/2024\/01\/Projet-educatif-page-1-300x212.png 300w, https:\/\/vay-styves.fr\/wp-content\/uploads\/2024\/01\/Projet-educatif-page-1-768x543.png 768w, https:\/\/vay-styves.fr\/wp-content\/uploads\/2024\/01\/Projet-educatif-page-1-1536x1086.png 1536w, https:\/\/vay-styves.fr\/wp-content\/uploads\/2024\/01\/Projet-educatif-page-1-1528x1080.png 1528w, https:\/\/vay-styves.fr\/wp-content\/uploads\/2024\/01\/Projet-educatif-page-1.png 2000w\" sizes=\"auto, (max-width: 1024px) 100vw, 1024px\" \/><\/a> <a href=\"https:\/\/vay-styves.fr\/wp-content\/uploads\/2024\/01\/Projet-educatif-page-2.png\"><img loading=\"lazy\" decoding=\"async\" class=\"aligncenter size-large wp-image-47822\" src=\"https:\/\/vay-styves.fr\/wp-content\/uploads\/2024\/01\/Projet-educatif-page-2-1024x724.png\" alt=\"\" width=\"1024\" height=\"724\" srcset=\"https:\/\/vay-styves.fr\/wp-content\/uploads\/2024\/01\/Projet-educatif-page-2-1024x724.png 1024w, https:\/\/vay-styves.fr\/wp-content\/uploads\/2024\/01\/Projet-educatif-page-2-300x212.png 300w, https:\/\/vay-styves.fr\/wp-content\/uploads\/2024\/01\/Projet-educatif-page-2-768x543.png 768w, https:\/\/vay-styves.fr\/wp-content\/uploads\/2024\/01\/Projet-educatif-page-2-1536x1086.png 1536w, https:\/\/vay-styves.fr\/wp-content\/uploads\/2024\/01\/Projet-educatif-page-2-1528x1080.png 1528w, https:\/\/vay-styves.fr\/wp-content\/uploads\/2024\/01\/Projet-educatif-page-2.png 2000w\" sizes=\"auto, (max-width: 1024px) 100vw, 1024px\" \/><\/a><\/p>\n<p>&nbsp;<\/p>\n<p>&nbsp;<\/p>\n<p style=\"text-align: center;\"><span style=\"text-decoration: underline;\"><strong><span style=\"font-size: 18pt;\">PROJETS&nbsp; <\/span><\/strong><\/span><\/p>\n<p style=\"text-align: center;\"><span style=\"font-family: trebuchet ms, geneva, sans-serif; font-size: 18pt; color: #339966;\">SOLIDARIT\u00c9<\/span><\/p>\n<table style=\"border-collapse: collapse; width: 100%; height: 439px;\">\n<tbody>\n<tr style=\"height: 439px;\">\n<td style=\"width: 100%; height: 439px;\">\n<ul>\n<li><a href=\"https:\/\/vay-styves.fr\/wp-content\/uploads\/2022\/02\/Fresque-scaled.jpg\"><span style=\"text-decoration: underline; color: #000000;\"><span style=\"font-family: verdana, geneva, sans-serif;\">Journ\u00e9e sport adapt\u00e9<\/span><\/span><\/a><a href=\"https:\/\/vay-styves.fr\/wp-content\/uploads\/2022\/02\/Fresque-scaled.jpg\"><img loading=\"lazy\" decoding=\"async\" class=\"aligncenter size-large wp-image-46114\" src=\"https:\/\/vay-styves.fr\/wp-content\/uploads\/2022\/02\/Fresque-1024x429.jpg\" alt=\"\" width=\"1024\" height=\"429\" srcset=\"https:\/\/vay-styves.fr\/wp-content\/uploads\/2022\/02\/Fresque-1024x429.jpg 1024w, https:\/\/vay-styves.fr\/wp-content\/uploads\/2022\/02\/Fresque-300x126.jpg 300w, https:\/\/vay-styves.fr\/wp-content\/uploads\/2022\/02\/Fresque-768x322.jpg 768w, https:\/\/vay-styves.fr\/wp-content\/uploads\/2022\/02\/Fresque-1536x644.jpg 1536w, https:\/\/vay-styves.fr\/wp-content\/uploads\/2022\/02\/Fresque-2048x858.jpg 2048w, https:\/\/vay-styves.fr\/wp-content\/uploads\/2022\/02\/Fresque-1920x805.jpg 1920w\" sizes=\"auto, (max-width: 1024px) 100vw, 1024px\" \/><\/a><\/li>\n<\/ul>\n<p>\u00ab\u00a0Vendredi 19 novembre, nous avons fait une journ\u00e9e handisport. Nous avons essay\u00e9 8 activit\u00e9s : la frise, les d\u00e9fis \u00e0 une main, un parcours kapla, les mimes, un&nbsp; parcours \u00e0 l\u2019aveugle, la boccia, le torball, le handball en fauteuil et un parcours de c\u00e9cifoot. Certaines sont des \u00e9preuves aux jeux paralympiques. Elles nous ont permis de nous mettre un instant \u00ab \u00e0 la place \u00bb d\u2019une personne handicap\u00e9e et de prendre conscience de son manque d&rsquo;autonomie par le sport.\u00a0\u00bb<\/p>\n<p><a href=\"https:\/\/vay-styves.fr\/wp-admin\/post.php?post=45347&amp;action=edit\">Voir l&rsquo;article<\/a><\/p>\n<ul>\n<li><span style=\"text-decoration: underline; font-family: verdana, geneva, sans-serif;\">Des sacs \u00e0 dos pour les enfants ukrainiens<\/span><\/li>\n<\/ul>\n<p><a href=\"https:\/\/vay-styves.fr\/wp-content\/uploads\/2022\/05\/IMG-20220503-WA0000.jpg\"><img loading=\"lazy\" decoding=\"async\" class=\"aligncenter size-medium wp-image-46283\" src=\"https:\/\/vay-styves.fr\/wp-content\/uploads\/2022\/05\/IMG-20220503-WA0000-300x225.jpg\" alt=\"\" width=\"300\" height=\"225\" srcset=\"https:\/\/vay-styves.fr\/wp-content\/uploads\/2022\/05\/IMG-20220503-WA0000-300x225.jpg 300w, https:\/\/vay-styves.fr\/wp-content\/uploads\/2022\/05\/IMG-20220503-WA0000-768x576.jpg 768w, https:\/\/vay-styves.fr\/wp-content\/uploads\/2022\/05\/IMG-20220503-WA0000.jpg 1024w\" sizes=\"auto, (max-width: 300px) 100vw, 300px\" \/><\/a>Nous avons particip\u00e9 \u00e0 l&rsquo;op\u00e9ration \u00ab\u00a0des sacs \u00e0 dos pour les enfants ukrainiens\u00a0\u00bb.<\/p>\n<p><a href=\"https:\/\/www.ouest-france.fr\/pays-de-la-loire\/vay-44170\/les-ecoliers-sont-aussi-solidaires-des-enfants-ukrainiens-eb38c1c0-99a8-45be-8c06-f31245060135\">https:\/\/www.ouest-france.fr\/pays-de-la-loire\/vay-44170\/les-ecoliers-sont-aussi-solidaires-des-enfants-ukrainiens-eb38c1c0-99a8-45be-8c06-f31245060135<\/a><\/td>\n<\/tr>\n<\/tbody>\n<\/table>\n<p style=\"text-align: center;\"><span style=\"font-family: trebuchet ms, geneva, sans-serif; font-size: 18pt; color: #339966;\">CITOYENNET\u00c9<\/span><\/p>\n<table style=\"border-collapse: collapse; width: 100%;\">\n<tbody>\n<tr>\n<td style=\"width: 100%;\">\n<ul>\n<li><span style=\"text-decoration: underline;\"><span style=\"font-family: verdana, geneva, sans-serif;\">Nettoyons la nature<\/span><\/span><\/li>\n<\/ul>\n<p><a href=\"https:\/\/vay-styves.fr\/wp-content\/uploads\/2021\/10\/thumbnail_IMG_7881.jpg\"><img loading=\"lazy\" decoding=\"async\" class=\"aligncenter size-full wp-image-45153\" src=\"https:\/\/vay-styves.fr\/wp-content\/uploads\/2021\/10\/thumbnail_IMG_7881.jpg\" alt=\"\" width=\"640\" height=\"481\" srcset=\"https:\/\/vay-styves.fr\/wp-content\/uploads\/2021\/10\/thumbnail_IMG_7881.jpg 640w, https:\/\/vay-styves.fr\/wp-content\/uploads\/2021\/10\/thumbnail_IMG_7881-300x225.jpg 300w\" sizes=\"auto, (max-width: 640px) 100vw, 640px\" \/><\/a><\/p>\n<p><a href=\"https:\/\/vay-styves.fr\/?p=45150\">Lire l&rsquo;article <\/a><\/p>\n<p>&nbsp;<\/td>\n<\/tr>\n<\/tbody>\n<\/table>\n<p style=\"text-align: center;\"><span style=\"color: #339966; font-family: trebuchet ms, geneva, sans-serif; font-size: 18pt;\">CULTURE<\/span><\/p>\n<table style=\"border-collapse: collapse; width: 100%;\">\n<tbody>\n<tr>\n<td style=\"width: 100%;\"><span style=\"text-decoration: underline;\">Cin\u00e9ma<\/span><\/p>\n<p>Toutes les classes de l&rsquo;\u00e9cole participent au cin\u00e9ma \u00e0 l&rsquo;\u00e9cole organis\u00e9 par le Nozek. Chaque classe va voir 3 films d&rsquo;animation dans l&rsquo;ann\u00e9e.<\/p>\n<p><a href=\"https:\/\/vay-styves.fr\/wp-content\/uploads\/2022\/06\/cinma-ConvertImage-scaled.jpg\"><img loading=\"lazy\" decoding=\"async\" class=\"size-medium wp-image-46439 aligncenter\" src=\"https:\/\/vay-styves.fr\/wp-content\/uploads\/2022\/06\/cinma-ConvertImage-300x194.jpg\" alt=\"\" width=\"300\" height=\"194\" srcset=\"https:\/\/vay-styves.fr\/wp-content\/uploads\/2022\/06\/cinma-ConvertImage-300x194.jpg 300w, https:\/\/vay-styves.fr\/wp-content\/uploads\/2022\/06\/cinma-ConvertImage-1024x663.jpg 1024w, https:\/\/vay-styves.fr\/wp-content\/uploads\/2022\/06\/cinma-ConvertImage-768x498.jpg 768w, https:\/\/vay-styves.fr\/wp-content\/uploads\/2022\/06\/cinma-ConvertImage-1536x995.jpg 1536w, https:\/\/vay-styves.fr\/wp-content\/uploads\/2022\/06\/cinma-ConvertImage-2048x1327.jpg 2048w, https:\/\/vay-styves.fr\/wp-content\/uploads\/2022\/06\/cinma-ConvertImage-1667x1080.jpg 1667w\" sizes=\"auto, (max-width: 300px) 100vw, 300px\" \/><\/a><\/p>\n<p><span style=\"text-decoration: underline;\">Musique<\/span><\/p>\n<p>Avec la participation de Musique et Danse, les \u00e9l\u00e8ves du CE1 au CM1 b\u00e9n\u00e9ficient de 10 s\u00e9ances de chant. Avec Tiphaine, leur professeur, ils apprennent un r\u00e9pertoire sur le th\u00e8me de la conqu\u00eate de l&rsquo;Ouest. C&rsquo;est \u00e9galement un moment privil\u00e9gi\u00e9 pour l&rsquo;apprentissage de l&rsquo;attention, du rythme&#8230;<\/p>\n<p><a href=\"http:\/\/Lire l'article\">https:\/\/vay-styves.fr\/?p=46020<\/a><\/p>\n<p>&nbsp;<\/p>\n<p><span style=\"text-decoration: underline;\">Projet arts<\/span><\/p>\n<p>Dans le cadre de notre projet d\u2019\u00e9cole sur les arts, les diff\u00e9rentes classes ont \u00e9tudi\u00e9 plusieurs artistes. Diff\u00e9rentes productions ont \u00e9t\u00e9 r\u00e9alis\u00e9es en arts visuels dans chaque classe :<\/p>\n<p>*Les enfants sont partis \u00e0 la d\u00e9couverte de Vincent Van Gogh :<\/p>\n<p><a href=\"http:\/\/Lire l'article\">https:\/\/vay-styves.fr\/?p=45478<\/a><\/p>\n<p>*Puis, nous avons continu\u00e9 avec Georges Seurat :<\/p>\n<p><a href=\"http:\/\/Lire l'article\">https:\/\/vay-styves.fr\/?p=45865<\/a><\/p>\n<p>*En ce moment, c&rsquo;est au tour du cubisme avec Picasso.<\/p>\n<p>&nbsp;<\/p>\n<p><span style=\"text-decoration: underline;\">Mus\u00e9e des arts<\/span><\/p>\n<p>&nbsp;<\/td>\n<\/tr>\n<\/tbody>\n<\/table>\n<p>&nbsp;<\/p>\n<p style=\"text-align: center;\"><span style=\"color: #339966; font-family: trebuchet ms, geneva, sans-serif; font-size: 18pt;\">SPORT<\/span><\/p>\n<table style=\"border-collapse: collapse; width: 100%;\">\n<tbody>\n<tr>\n<td style=\"width: 100%;\"><span style=\"text-decoration: underline;\">Challenge UGSEL<\/span><\/p>\n<p>Les CM2 ont particip\u00e9 au challenge UGSEL. Cette journ\u00e9e sportive a rassembl\u00e9 pr\u00e8s de 1 600 enfants, en provenance de 58 classes de 32 \u00e9coles du d\u00e9partement, sur le stade du Moulin Boisseau \u00e0 Carquefou.<\/p>\n<p>Au programme un triathlon obligatoire : course de vitesse, triple saut et lancer loin, et pas moins de 14 activit\u00e9s de d\u00e9couverte dans des disciplines aussi vari\u00e9es que le football, l\u2019ultimate, le kin-ball, le parachute (jeu coop\u00e9ratif), le basketball, le golf, le tchoukball, le m\u00f6lkky, le saut \u00e0 la perche, la course d\u2019orientation, le tir \u00e0 l\u2019arc\u2026 o\u00f9 les \u00e9quipes pouvaient se rendre sur leur temps libre, entre deux \u00e9preuves impos\u00e9es. Cela a \u00e9t\u00e9 l\u2019occasion pour de nombreux \u00e9l\u00e8ves de s\u2019initier \u00e0 de nouvelles pratiques sportives.<\/p>\n<p>Les enfants ont \u00e9t\u00e9 invit\u00e9s \u00e9galement \u00e0 participer \u00e0 des ateliers pour apprendre \u00e0 porter secours ou encore sur le vivre ensemble dans le respect des diff\u00e9rences de chacun (course handisport en fauteuil), et m\u00eame \u00e0 un quizz sur l\u2019alimentation.<\/p>\n<p>Une zumba g\u00e9ante a \u00e9t\u00e9 organis\u00e9e sur le temps du pique-nique.<\/p>\n<p><a href=\"http:\/\/Lire l'article\">https:\/\/vay-styves.fr\/?p=45238<\/a><\/p>\n<p>&nbsp;<\/p>\n<p><span style=\"text-decoration: underline;\">Natation<\/span><\/p>\n<p>Tout au long de l&rsquo;ann\u00e9e, les enfants de la GS et au CM2 se rendent \u00e0 la piscine de Nozay.<\/p>\n<p>Voici les s\u00e9ances de natation racont\u00e9es par les GS-CP :<\/p>\n<p><a href=\"http:\/\/Lire l'article\">https:\/\/vay-styves.fr\/?p=45900<\/a><\/p>\n<p>&nbsp;<\/p>\n<p>&nbsp;<\/p>\n<p><span style=\"text-decoration: underline;\">D\u00e9c<\/span><span style=\"text-decoration: underline;\">ouverte de diff\u00e9rents sports dans toutes les classes : golf, roller, futsal, tchoukball, biathlon&#8230;.<br \/>\n<\/span><\/p>\n<p><a href=\"https:\/\/vay-styves.fr\/wp-content\/uploads\/2022\/05\/IMG_7183-scaled.jpg\"><img loading=\"lazy\" decoding=\"async\" class=\"aligncenter size-medium wp-image-46189\" src=\"https:\/\/vay-styves.fr\/wp-content\/uploads\/2022\/05\/IMG_7183-225x300.jpg\" alt=\"\" width=\"225\" height=\"300\" srcset=\"https:\/\/vay-styves.fr\/wp-content\/uploads\/2022\/05\/IMG_7183-225x300.jpg 225w, https:\/\/vay-styves.fr\/wp-content\/uploads\/2022\/05\/IMG_7183-768x1024.jpg 768w, https:\/\/vay-styves.fr\/wp-content\/uploads\/2022\/05\/IMG_7183-300x400.jpg 300w, https:\/\/vay-styves.fr\/wp-content\/uploads\/2022\/05\/IMG_7183-1152x1536.jpg 1152w, https:\/\/vay-styves.fr\/wp-content\/uploads\/2022\/05\/IMG_7183-1536x2048.jpg 1536w, https:\/\/vay-styves.fr\/wp-content\/uploads\/2022\/05\/IMG_7183-1024x1365.jpg 1024w, https:\/\/vay-styves.fr\/wp-content\/uploads\/2022\/05\/IMG_7183-810x1080.jpg 810w, https:\/\/vay-styves.fr\/wp-content\/uploads\/2022\/05\/IMG_7183-scaled.jpg 1920w\" sizes=\"auto, (max-width: 225px) 100vw, 225px\" \/><\/a> <a href=\"https:\/\/vay-styves.fr\/wp-content\/uploads\/2022\/05\/IMG_7180-scaled.jpg\"><img loading=\"lazy\" decoding=\"async\" class=\"aligncenter size-medium wp-image-46186\" src=\"https:\/\/vay-styves.fr\/wp-content\/uploads\/2022\/05\/IMG_7180-225x300.jpg\" alt=\"\" width=\"225\" height=\"300\" srcset=\"https:\/\/vay-styves.fr\/wp-content\/uploads\/2022\/05\/IMG_7180-225x300.jpg 225w, https:\/\/vay-styves.fr\/wp-content\/uploads\/2022\/05\/IMG_7180-768x1024.jpg 768w, https:\/\/vay-styves.fr\/wp-content\/uploads\/2022\/05\/IMG_7180-300x400.jpg 300w, https:\/\/vay-styves.fr\/wp-content\/uploads\/2022\/05\/IMG_7180-1152x1536.jpg 1152w, https:\/\/vay-styves.fr\/wp-content\/uploads\/2022\/05\/IMG_7180-1536x2048.jpg 1536w, https:\/\/vay-styves.fr\/wp-content\/uploads\/2022\/05\/IMG_7180-1024x1365.jpg 1024w, https:\/\/vay-styves.fr\/wp-content\/uploads\/2022\/05\/IMG_7180-810x1080.jpg 810w, https:\/\/vay-styves.fr\/wp-content\/uploads\/2022\/05\/IMG_7180-scaled.jpg 1920w\" sizes=\"auto, (max-width: 225px) 100vw, 225px\" \/><\/a><\/td>\n<\/tr>\n<\/tbody>\n<\/table>\n<div id=\"sconnect-is-installed\" style=\"display: none;\">&nbsp;<\/div>\n<div id=\"sconnect-is-installed\" style=\"display: none;\">&nbsp;<\/div>\n<div id=\"sconnect-is-installed\" style=\"display: none;\">&nbsp;<\/div>\n<div id=\"sconnect-is-installed\" style=\"display: none;\">&nbsp;<\/div>\n<div id=\"sconnect-is-installed\" style=\"display: none;\">&nbsp;<\/div>\n<div id=\"sconnect-is-installed\" style=\"display: none;\">&nbsp;<\/div>\n<div id=\"sconnect-is-installed\" style=\"display: none;\">&nbsp;<\/div>\n<div id=\"sconnect-is-installed\" style=\"display: none;\">&nbsp;<\/div>\n<div id=\"sconnect-is-installed\" style=\"display: none;\">&nbsp;<\/div>\n<div id=\"sconnect-is-installed\" style=\"display: none;\">&nbsp;<\/div>\n<div id=\"sconnect-is-installed\" style=\"display: none;\">&nbsp;<\/div>\n","protected":false},"excerpt":{"rendered":"<p>Cliquer sur le lien ci-dessous Projet \u00e9ducatif Ecole Saint Yves &nbsp; &nbsp; &nbsp; PROJETS&nbsp; SOLIDARIT\u00c9 Journ\u00e9e sport adapt\u00e9 \u00ab\u00a0Vendredi 19 novembre, nous avons fait une journ\u00e9e handisport. Nous avons essay\u00e9 8 activit\u00e9s : la frise, les d\u00e9fis \u00e0 une main, un parcours kapla, les mimes, un&nbsp; parcours \u00e0 l\u2019aveugle, la boccia, le torball, le handball&hellip; <br \/> <a class=\"read-more\" href=\"https:\/\/vay-styves.fr\/?page_id=64\">Lire la suite<\/a><\/p>\n","protected":false},"author":11,"featured_media":0,"parent":0,"menu_order":0,"comment_status":"closed","ping_status":"closed","template":"","meta":{"ngg_post_thumbnail":0,"footnotes":""},"class_list":["post-64","page","type-page","status-publish","hentry"],"_links":{"self":[{"href":"https:\/\/vay-styves.fr\/index.php?rest_route=\/wp\/v2\/pages\/64","targetHints":{"allow":["GET"]}}],"collection":[{"href":"https:\/\/vay-styves.fr\/index.php?rest_route=\/wp\/v2\/pages"}],"about":[{"href":"https:\/\/vay-styves.fr\/index.php?rest_route=\/wp\/v2\/types\/page"}],"author":[{"embeddable":true,"href":"https:\/\/vay-styves.fr\/index.php?rest_route=\/wp\/v2\/users\/11"}],"replies":[{"embeddable":true,"href":"https:\/\/vay-styves.fr\/index.php?rest_route=%2Fwp%2Fv2%2Fcomments&post=64"}],"version-history":[{"count":21,"href":"https:\/\/vay-styves.fr\/index.php?rest_route=\/wp\/v2\/pages\/64\/revisions"}],"predecessor-version":[{"id":47824,"href":"https:\/\/vay-styves.fr\/index.php?rest_route=\/wp\/v2\/pages\/64\/revisions\/47824"}],"wp:attachment":[{"href":"https:\/\/vay-styves.fr\/index.php?rest_route=%2Fwp%2Fv2%2Fmedia&parent=64"}],"curies":[{"name":"wp","href":"https:\/\/api.w.org\/{rel}","templated":true}]}}