{"id":46117,"date":"2022-04-30T14:21:31","date_gmt":"2022-04-30T13:21:31","guid":{"rendered":"https:\/\/vay-styves.fr\/?page_id=46117"},"modified":"2025-09-07T17:36:06","modified_gmt":"2025-09-07T16:36:06","slug":"presentation-de-lecole","status":"publish","type":"page","link":"https:\/\/vay-styves.fr\/?page_id=46117","title":{"rendered":"Pr\u00e9sentation de l&rsquo;\u00e9cole"},"content":{"rendered":"<p><span style=\"font-family: verdana, geneva, sans-serif;\">L&rsquo;\u00e9cole <strong>Saint Yves<\/strong> accueille \u00e0 cette rentr\u00e9e 105 \u00e9l\u00e8ves de la maternelle au CM2 r\u00e9partis en 5 classes.<\/span><\/p>\n<p>&nbsp;<\/p>\n<p><span style=\"font-family: verdana, geneva, sans-serif; color: #808080;\">Cheffe d&rsquo;\u00e9tablissement : Cindy LE REGENT (jour de d\u00e9charge : le jeudi)<\/span><\/p>\n<p>&nbsp;<\/p>\n<p><span style=\"font-family: verdana, geneva, sans-serif;\"><strong>Une \u00e9quipe \u00e9ducative au service des enfants<\/strong> (ASEM et enseignants) : <\/span><\/p>\n<p><span style=\"font-family: verdana, geneva, sans-serif;\">PS-MS&nbsp; : Mme St\u00e9phanie AUDRAIN et Laurine JOURDAN (ASEM)<\/span><\/p>\n<p><span style=\"font-family: verdana, geneva, sans-serif;\">MS-GS : Mme Elo\u00efse SANSOUCY (lundi, mardi, jeudi) , Mme Sigrig GUICHAOUA (vendredi) et St\u00e9phanie THAVEL (ASEM)<\/span><\/p>\n<p><span style=\"font-family: verdana, geneva, sans-serif;\">CP-CE1 : Mme Aude VOURC&rsquo;H<\/span><\/p>\n<p><span style=\"font-family: verdana, geneva, sans-serif;\">CE1-CE2: Mme Cindy LE REGENT (lundi, mardi, vendredi) &nbsp;et Mme Anne-Sophie THEBAUD (jeudi)&nbsp;<\/span><\/p>\n<p><span style=\"font-family: verdana, geneva, sans-serif;\">CM1-CM2 : Mme Camille DELOUCHE<\/span><\/p>\n<p><span style=\"font-family: verdana, geneva, sans-serif;\">Enseignant sp\u00e9cialis\u00e9 sur 4&nbsp; \u00e9coles du secteur (La Grigonnais, Puceul, Saffr\u00e9, Vay) : M Guillaume BOURGET<\/span><\/p>\n<p><span style=\"font-family: verdana, geneva, sans-serif;\">AESH :&nbsp;<\/span><span style=\"font-family: verdana, geneva, sans-serif;\">Sophie BOLOMEY, <\/span><span style=\"font-family: verdana, geneva, sans-serif;\">S\u00e9verine BURLOT, Nathalie LE BAS, Marion POUDRE<\/span><\/p>\n<p><a href=\"https:\/\/vay-styves.fr\/wp-content\/uploads\/2025\/09\/Photo-equipe-2025-1.jpeg\"><img loading=\"lazy\" decoding=\"async\" class=\"aligncenter size-large wp-image-48774\" src=\"https:\/\/vay-styves.fr\/wp-content\/uploads\/2025\/09\/Photo-equipe-2025-1-1024x865.jpeg\" alt=\"\" width=\"1024\" height=\"865\" srcset=\"https:\/\/vay-styves.fr\/wp-content\/uploads\/2025\/09\/Photo-equipe-2025-1-1024x865.jpeg 1024w, https:\/\/vay-styves.fr\/wp-content\/uploads\/2025\/09\/Photo-equipe-2025-1-300x253.jpeg 300w, https:\/\/vay-styves.fr\/wp-content\/uploads\/2025\/09\/Photo-equipe-2025-1-768x649.jpeg 768w, https:\/\/vay-styves.fr\/wp-content\/uploads\/2025\/09\/Photo-equipe-2025-1-1536x1297.jpeg 1536w, https:\/\/vay-styves.fr\/wp-content\/uploads\/2025\/09\/Photo-equipe-2025-1-2048x1729.jpeg 2048w, https:\/\/vay-styves.fr\/wp-content\/uploads\/2025\/09\/Photo-equipe-2025-1-1279x1080.jpeg 1279w\" sizes=\"auto, (max-width: 1024px) 100vw, 1024px\" \/><\/a><\/p>\n<p>&nbsp;<\/p>\n<p style=\"text-align: center;\"><span style=\"text-decoration: underline;\"><span style=\"font-family: verdana, geneva, sans-serif; font-size: 14pt;\">Les b\u00e2timents de notre \u00e9cole<\/span><\/span><\/p>\n<ul style=\"list-style-type: disc;\">\n<li><span style=\"font-family: verdana, geneva, sans-serif;\">Le p\u00f4le maternel, la classe CM2 et les sanitaires<\/span><a href=\"https:\/\/vay-styves.fr\/wp-content\/uploads\/2018\/07\/10072018-013.jpg\"><img loading=\"lazy\" decoding=\"async\" class=\"aligncenter wp-image-29421 size-large\" src=\"https:\/\/vay-styves.fr\/wp-content\/uploads\/2018\/07\/10072018-013-1024x627.jpg\" alt=\"\" width=\"1024\" height=\"627\" srcset=\"https:\/\/vay-styves.fr\/wp-content\/uploads\/2018\/07\/10072018-013-1024x627.jpg 1024w, https:\/\/vay-styves.fr\/wp-content\/uploads\/2018\/07\/10072018-013-300x184.jpg 300w, https:\/\/vay-styves.fr\/wp-content\/uploads\/2018\/07\/10072018-013-768x470.jpg 768w\" sizes=\"auto, (max-width: 1024px) 100vw, 1024px\" \/><\/a><\/li>\n<li><span style=\"font-family: verdana, geneva, sans-serif;\">Les deux autre classes primaires et l<\/span><span style=\"font-family: verdana, geneva, sans-serif;\">e b\u00e2timent administratif<a href=\"https:\/\/vay-styves.fr\/wp-content\/uploads\/2015\/01\/TPSPS012015-120.jpg\"><img loading=\"lazy\" decoding=\"async\" class=\"aligncenter size-medium wp-image-160\" src=\"https:\/\/vay-styves.fr\/wp-content\/uploads\/2015\/01\/TPSPS012015-120-300x225.jpg\" alt=\"\" width=\"300\" height=\"225\" srcset=\"https:\/\/vay-styves.fr\/wp-content\/uploads\/2015\/01\/TPSPS012015-120-300x225.jpg 300w, https:\/\/vay-styves.fr\/wp-content\/uploads\/2015\/01\/TPSPS012015-120-320x240.jpg 320w, https:\/\/vay-styves.fr\/wp-content\/uploads\/2015\/01\/TPSPS012015-120-240x180.jpg 240w, https:\/\/vay-styves.fr\/wp-content\/uploads\/2015\/01\/TPSPS012015-120.jpg 448w\" sizes=\"auto, (max-width: 300px) 100vw, 300px\" \/><\/a><\/span><\/li>\n<li><span style=\"font-family: verdana, geneva, sans-serif;\">La structure<\/span><\/li>\n<\/ul>\n<p><a href=\"https:\/\/vay-styves.fr\/wp-content\/uploads\/2024\/11\/Structure-2-scaled.jpg\"><img loading=\"lazy\" decoding=\"async\" class=\"aligncenter wp-image-48525\" src=\"https:\/\/vay-styves.fr\/wp-content\/uploads\/2024\/11\/Structure-2-1024x768.jpg\" alt=\"\" width=\"722\" height=\"542\" srcset=\"https:\/\/vay-styves.fr\/wp-content\/uploads\/2024\/11\/Structure-2-1024x768.jpg 1024w, https:\/\/vay-styves.fr\/wp-content\/uploads\/2024\/11\/Structure-2-300x225.jpg 300w, https:\/\/vay-styves.fr\/wp-content\/uploads\/2024\/11\/Structure-2-768x576.jpg 768w, https:\/\/vay-styves.fr\/wp-content\/uploads\/2024\/11\/Structure-2-1536x1152.jpg 1536w, https:\/\/vay-styves.fr\/wp-content\/uploads\/2024\/11\/Structure-2-2048x1536.jpg 2048w, https:\/\/vay-styves.fr\/wp-content\/uploads\/2024\/11\/Structure-2-1440x1080.jpg 1440w\" sizes=\"auto, (max-width: 722px) 100vw, 722px\" \/><\/a> <a href=\"https:\/\/vay-styves.fr\/wp-content\/uploads\/2024\/11\/Structure-scaled.jpg\"><img loading=\"lazy\" decoding=\"async\" class=\"aligncenter wp-image-48526\" src=\"https:\/\/vay-styves.fr\/wp-content\/uploads\/2024\/11\/Structure-1024x790.jpg\" alt=\"\" width=\"725\" height=\"559\" srcset=\"https:\/\/vay-styves.fr\/wp-content\/uploads\/2024\/11\/Structure-1024x790.jpg 1024w, https:\/\/vay-styves.fr\/wp-content\/uploads\/2024\/11\/Structure-300x231.jpg 300w, https:\/\/vay-styves.fr\/wp-content\/uploads\/2024\/11\/Structure-768x593.jpg 768w, https:\/\/vay-styves.fr\/wp-content\/uploads\/2024\/11\/Structure-1536x1185.jpg 1536w, https:\/\/vay-styves.fr\/wp-content\/uploads\/2024\/11\/Structure-2048x1580.jpg 2048w, https:\/\/vay-styves.fr\/wp-content\/uploads\/2024\/11\/Structure-1400x1080.jpg 1400w\" sizes=\"auto, (max-width: 725px) 100vw, 725px\" \/><\/a><\/p>\n<ul style=\"list-style-type: disc;\">\n<li><span style=\"font-family: verdana, geneva, sans-serif;\">Le pr\u00e9au<a href=\"https:\/\/vay-styves.fr\/wp-content\/uploads\/2022\/04\/IMG_9656-scaled.jpg\"><img loading=\"lazy\" decoding=\"async\" class=\"aligncenter size-large wp-image-46167\" src=\"https:\/\/vay-styves.fr\/wp-content\/uploads\/2022\/04\/IMG_9656-1024x768.jpg\" alt=\"\" width=\"1024\" height=\"768\" srcset=\"https:\/\/vay-styves.fr\/wp-content\/uploads\/2022\/04\/IMG_9656-1024x768.jpg 1024w, https:\/\/vay-styves.fr\/wp-content\/uploads\/2022\/04\/IMG_9656-300x225.jpg 300w, https:\/\/vay-styves.fr\/wp-content\/uploads\/2022\/04\/IMG_9656-768x576.jpg 768w, https:\/\/vay-styves.fr\/wp-content\/uploads\/2022\/04\/IMG_9656-1536x1152.jpg 1536w, https:\/\/vay-styves.fr\/wp-content\/uploads\/2022\/04\/IMG_9656-2048x1536.jpg 2048w, https:\/\/vay-styves.fr\/wp-content\/uploads\/2022\/04\/IMG_9656-1440x1080.jpg 1440w\" sizes=\"auto, (max-width: 1024px) 100vw, 1024px\" \/><\/a><\/span><\/li>\n<li><span style=\"font-family: verdana, geneva, sans-serif;\">Photo Fauvet : classe maternelle<\/span><span style=\"font-family: verdana, geneva, sans-serif;\"><a href=\"https:\/\/vay-styves.fr\/wp-content\/uploads\/2025\/09\/PhotoFauvet004-scaled.jpg\"><img loading=\"lazy\" decoding=\"async\" class=\"aligncenter size-large wp-image-48776\" src=\"https:\/\/vay-styves.fr\/wp-content\/uploads\/2025\/09\/PhotoFauvet004-1024x684.jpg\" alt=\"\" width=\"1024\" height=\"684\" srcset=\"https:\/\/vay-styves.fr\/wp-content\/uploads\/2025\/09\/PhotoFauvet004-1024x684.jpg 1024w, https:\/\/vay-styves.fr\/wp-content\/uploads\/2025\/09\/PhotoFauvet004-300x200.jpg 300w, https:\/\/vay-styves.fr\/wp-content\/uploads\/2025\/09\/PhotoFauvet004-768x513.jpg 768w, https:\/\/vay-styves.fr\/wp-content\/uploads\/2025\/09\/PhotoFauvet004-391x260.jpg 391w, https:\/\/vay-styves.fr\/wp-content\/uploads\/2025\/09\/PhotoFauvet004-1536x1025.jpg 1536w, https:\/\/vay-styves.fr\/wp-content\/uploads\/2025\/09\/PhotoFauvet004-2048x1367.jpg 2048w, https:\/\/vay-styves.fr\/wp-content\/uploads\/2025\/09\/PhotoFauvet004-1618x1080.jpg 1618w, https:\/\/vay-styves.fr\/wp-content\/uploads\/2025\/09\/PhotoFauvet004-272x182.jpg 272w\" sizes=\"auto, (max-width: 1024px) 100vw, 1024px\" \/><\/a><\/span><\/li>\n<li>Photo Fauvet : la cour&nbsp;<a href=\"https:\/\/vay-styves.fr\/wp-content\/uploads\/2025\/09\/PhotoFauvet011-scaled.jpg\"><br \/>\n<img loading=\"lazy\" decoding=\"async\" class=\"aligncenter size-large wp-image-48777\" src=\"https:\/\/vay-styves.fr\/wp-content\/uploads\/2025\/09\/PhotoFauvet011-1024x684.jpg\" alt=\"\" width=\"1024\" height=\"684\" srcset=\"https:\/\/vay-styves.fr\/wp-content\/uploads\/2025\/09\/PhotoFauvet011-1024x684.jpg 1024w, https:\/\/vay-styves.fr\/wp-content\/uploads\/2025\/09\/PhotoFauvet011-300x200.jpg 300w, https:\/\/vay-styves.fr\/wp-content\/uploads\/2025\/09\/PhotoFauvet011-768x513.jpg 768w, https:\/\/vay-styves.fr\/wp-content\/uploads\/2025\/09\/PhotoFauvet011-391x260.jpg 391w, https:\/\/vay-styves.fr\/wp-content\/uploads\/2025\/09\/PhotoFauvet011-1536x1025.jpg 1536w, https:\/\/vay-styves.fr\/wp-content\/uploads\/2025\/09\/PhotoFauvet011-2048x1367.jpg 2048w, https:\/\/vay-styves.fr\/wp-content\/uploads\/2025\/09\/PhotoFauvet011-1618x1080.jpg 1618w, https:\/\/vay-styves.fr\/wp-content\/uploads\/2025\/09\/PhotoFauvet011-272x182.jpg 272w\" sizes=\"auto, (max-width: 1024px) 100vw, 1024px\" \/><\/a><\/li>\n<li><span style=\"font-family: verdana, geneva, sans-serif;\">Le mur de grimpe<a href=\"https:\/\/vay-styves.fr\/wp-content\/uploads\/2022\/04\/IMG_9658-scaled.jpg\"><br \/>\n<img loading=\"lazy\" decoding=\"async\" class=\"aligncenter size-large wp-image-46168\" src=\"https:\/\/vay-styves.fr\/wp-content\/uploads\/2022\/04\/IMG_9658-1024x768.jpg\" alt=\"\" width=\"1024\" height=\"768\" srcset=\"https:\/\/vay-styves.fr\/wp-content\/uploads\/2022\/04\/IMG_9658-1024x768.jpg 1024w, https:\/\/vay-styves.fr\/wp-content\/uploads\/2022\/04\/IMG_9658-300x225.jpg 300w, https:\/\/vay-styves.fr\/wp-content\/uploads\/2022\/04\/IMG_9658-768x576.jpg 768w, https:\/\/vay-styves.fr\/wp-content\/uploads\/2022\/04\/IMG_9658-1536x1152.jpg 1536w, https:\/\/vay-styves.fr\/wp-content\/uploads\/2022\/04\/IMG_9658-2048x1536.jpg 2048w, https:\/\/vay-styves.fr\/wp-content\/uploads\/2022\/04\/IMG_9658-1440x1080.jpg 1440w\" sizes=\"auto, (max-width: 1024px) 100vw, 1024px\" \/><\/a><\/span><\/li>\n<\/ul>\n<div id=\"sconnect-is-installed\" style=\"display: none;\">&nbsp;<\/div>\n<div id=\"sconnect-is-installed\" style=\"display: none;\">&nbsp;<\/div>\n<div id=\"sconnect-is-installed\" style=\"display: none;\">&nbsp;<\/div>\n<div id=\"sconnect-is-installed\" style=\"display: none;\">&nbsp;<\/div>\n<div id=\"sconnect-is-installed\" style=\"display: none;\">&nbsp;<\/div>\n<div id=\"sconnect-is-installed\" style=\"display: none;\">&nbsp;<\/div>\n<div id=\"sconnect-is-installed\" style=\"display: none;\">&nbsp;<\/div>\n<div id=\"sconnect-is-installed\" style=\"display: none;\">&nbsp;<\/div>\n","protected":false},"excerpt":{"rendered":"<p>L&rsquo;\u00e9cole Saint Yves accueille \u00e0 cette rentr\u00e9e 105 \u00e9l\u00e8ves de la maternelle au CM2 r\u00e9partis en 5 classes. &nbsp; Cheffe d&rsquo;\u00e9tablissement : Cindy LE REGENT (jour de d\u00e9charge : le jeudi) &nbsp; Une \u00e9quipe \u00e9ducative au service des enfants (ASEM et enseignants) : PS-MS&nbsp; : Mme St\u00e9phanie AUDRAIN et Laurine JOURDAN (ASEM) MS-GS : Mme&hellip; <br \/> <a class=\"read-more\" href=\"https:\/\/vay-styves.fr\/?page_id=46117\">Lire la suite<\/a><\/p>\n","protected":false},"author":11,"featured_media":0,"parent":0,"menu_order":0,"comment_status":"closed","ping_status":"closed","template":"","meta":{"ngg_post_thumbnail":0,"footnotes":""},"class_list":["post-46117","page","type-page","status-publish","hentry"],"_links":{"self":[{"href":"https:\/\/vay-styves.fr\/index.php?rest_route=\/wp\/v2\/pages\/46117","targetHints":{"allow":["GET"]}}],"collection":[{"href":"https:\/\/vay-styves.fr\/index.php?rest_route=\/wp\/v2\/pages"}],"about":[{"href":"https:\/\/vay-styves.fr\/index.php?rest_route=\/wp\/v2\/types\/page"}],"author":[{"embeddable":true,"href":"https:\/\/vay-styves.fr\/index.php?rest_route=\/wp\/v2\/users\/11"}],"replies":[{"embeddable":true,"href":"https:\/\/vay-styves.fr\/index.php?rest_route=%2Fwp%2Fv2%2Fcomments&post=46117"}],"version-history":[{"count":10,"href":"https:\/\/vay-styves.fr\/index.php?rest_route=\/wp\/v2\/pages\/46117\/revisions"}],"predecessor-version":[{"id":48778,"href":"https:\/\/vay-styves.fr\/index.php?rest_route=\/wp\/v2\/pages\/46117\/revisions\/48778"}],"wp:attachment":[{"href":"https:\/\/vay-styves.fr\/index.php?rest_route=%2Fwp%2Fv2%2Fmedia&parent=46117"}],"curies":[{"name":"wp","href":"https:\/\/api.w.org\/{rel}","templated":true}]}}